{"id":59,"date":"2013-07-22T17:39:42","date_gmt":"2013-07-22T17:39:42","guid":{"rendered":"http:\/\/127.0.0.1\/wordpress\/?page_id=59"},"modified":"2024-03-27T11:47:58","modified_gmt":"2024-03-27T11:47:58","slug":"bioethique","status":"publish","type":"page","link":"https:\/\/corine-pelluchon.fr\/?page_id=59","title":{"rendered":"Bio\u00e9thique"},"content":{"rendered":"<p><strong>Articles en \u00e9thique m\u00e9dicale et biom\u00e9dicale:<br \/>\n<\/strong><\/p>\n<ul>\n<li style=\"list-style-type: none;\">\n<ul>\n<li><a href=\"http:\/\/corine-pelluchon.fr\/wp-content\/uploads\/2013\/07\/31-40-Pelluchon-Win-08.pdf\">\u00ab\u00a0Towards a New Philosophical Anthropology: The Limits of Human Rights in Bioethics\u00bb<\/a>, <em>Perspectives on Political Science,<\/em> April 08, N\u00b0 37\/1, p. 1-37.<\/li>\n<li><a href=\"http:\/\/ethiquepublique.revues.org\/1474\">\u00ab\u00a0R\u00e9sister aux repr\u00e9sentations n\u00e9gatives de la vieillesse: un enjeu philosophique et m\u00e9dical \u00bb<\/a>,<em> Ethique publique<\/em>, Laval, d\u00e9cembre 2008, N\u00b0 10, N\u00b0 2, p. 125-132.<\/li>\n<li>\u00ab La pand\u00e9mie grippale ou l\u2019affirmation du politique \u00bb, <em>Pand\u00e9mie grippale : l\u2019ordre de mobilisation<\/em>, 1 vol, sous la direction d\u2019E. Hirsch, Paris, Le Cerf, sept. 2009, p.61-70.<\/li>\n<li>\u00ab\u00a0Pour une \u00e9thique de la vuln\u00e9rabilit\u00e9\u00a0\u00bb, <em>Raison publique,<\/em> octobre 2009, N\u00b011, p. 165-178.<\/li>\n<li>\u00a0<a href=\"http:\/\/corine-pelluchon.fr\/wp-content\/uploads\/2013\/07\/CEL9_Pelluchon.pdf\">\u00ab\u00a0Levinas et l\u2019\u00e9thique m\u00e9dicale\u00a0\u00bb<\/a>, <em>Cahiers d\u2019Etudes l\u00e9vinassiennes,<\/em> avril 2010, N\u00b09, p. 239-256.<\/li>\n<li><a href=\"http:\/\/corine-pelluchon.fr\/wp-content\/uploads\/2013\/07\/article-pour-CS%C3%A8vres.pdf\">\u00ab<em>\u00a0<\/em>Du principe d\u2019autonomie \u00e0 l\u2019\u00e9thique de la vuln\u00e9rabilit\u00e9\u00a0<\/a><em>\u00bb, Grandeur et leurres de l\u2019autonomie. Pour une prise en compte de la vuln\u00e9rabilit\u00e9, 1 vol, sous la direction de P. Verspieren et M.\u2013 S. Richard Paris, M\u00e9dias\u00e8vres, <\/em>2010, p. 83-102.<\/li>\n<li>\u00ab\u00a0La vieillesse ou l\u2019amour du monde\u00a0\u00bb, <em>Esprit<\/em>, juillet 2010, N\u00b0 366, p. 171-180.<\/li>\n<li><a href=\"http:\/\/corine-pelluchon.fr\/wp-content\/uploads\/2013\/07\/nanotox18new.pdf\">\u00ab\u00a0Ethique et m\u00e9decine. Rep\u00e8res philosophiques pour un usage responsable des nanotechnologies\u00a0\u00bb<\/a>, in <em>Les<\/em> <em>Nanosciences<\/em>, 1 vol, sous la direction de Ph. Houdy, M. Lahmani et F. Marano, Paris, Belin, coll. \u00ab Echelles\u00a0\u00bb, 2010, partie IV, chap. 18, \u00ab\u00a0Nanotoxicologie, nano\u00e9thique\u00a0\u00bb p. 423-428.<\/li>\n<li><a href=\"http:\/\/corine-pelluchon.fr\/wp-content\/uploads\/2013\/07\/Penser-lautonomie-en-r%C3%A9a.pdf\">\u00ab L\u2019autonomie en r\u00e9animation-anesth\u00e9sie \u00bb<\/a>, <em>Enjeux \u00e9thiques de la r\u00e9animation-anesth\u00e9sie<\/em>, 1 vol, sous la direction de L. Puybasset, Paris, Springer, 2010, p. 3-11. Traduction en Anglais en cours ( Springer).<\/li>\n<li>Texte de pr\u00e9sentation de <em>L\u2019autonomie bris\u00e9e<\/em> dans le Dossier intitul\u00e9<a href=\"http:\/\/corine-pelluchon.fr\/wp-content\/uploads\/2013\/07\/08-Droits_no_51_1-2010_C1_Pelluchon2.pdf\"> \u00ab\u00a0La bio\u00e9thique entre philosophie politique, \u00e9thique de la vuln\u00e9rabilit\u00e9 et technique juridique\u00a0\u00bb<\/a>, <em>Droits<\/em>, 2011, N\u00b0 51, p. 111-121.<\/li>\n<li>\u00a0<a href=\"http:\/\/corine-pelluchon.fr\/wp-content\/uploads\/2013\/07\/Valeurs-phares-Strasbourg-article.pdf\">\u00ab\u00a0Biotechnologies et d\u00e9mocratie\u00a0: de la critique de la r\u00e9publique proc\u00e9durale \u00e0 la red\u00e9finition des valeurs phares d\u2019une communaut\u00e9\u00a0politique\u00a0\u00bb<\/a>, <em>Les usages du vivant,<\/em> sous la direction de G. Le Dref, Th. Droulez, C. Allamel-Raffin, eds N\u00e9oth\u00e8que, 2011, p. 173-188.<\/li>\n<li>\u00ab\u00a0Etat d\u2019urgence, e\u0301tat d\u2019exception : quelle justice par temps de crises et de catastrophes ?,\u00a0\u00bb Approches, N\u00b0149, avril 2012, p. 55-68.<\/li>\n<li>\u00ab\u00a0Pr\u00e9carit\u00e9, capabilit\u00e9s et solidarit\u00e9\u00a0\u00bb, <em>Innover contre les in\u00e9galit\u00e9s de sant\u00e9<\/em>, collectif sous la direction de V. Vasseur et P.- H Br\u00e9chat, Presses de l\u2019Ecole des hautes \u00e9tudes en sant\u00e9 publique (EHESP), 2012, p. 441-444.<\/li>\n<li><a href=\"http:\/\/www.redalyc.org\/pdf\/1892\/189222558010.pdf\">\u00ab\u00a0El ejercicio de la medicina\u00a0: valores de los paciences, normas de los profesionales, conflictos y deliberacion publica\u00a0\u00bb, <\/a><em>Revista Colombiana de Bio\u00e9tica<\/em>, trad. C. Aristitizibal,\u00a0Univerisdad El Bosque, d\u00e9cembre 2011, vol. 6, N\u00b02, \u00a0p. 139-159.<\/li>\n<li><a href=\"http:\/\/puj-portal.javeriana.edu.co\/portal\/page\/portal\/Bioetica\/1pdfs_docs\/Tab\/Tab\/ANAMNESIS_6.pdf\">\u00a0\u00ab\u00a0Levinas y \u00e9tica m\u00e9dica\u00a0\u00bb, <\/a>trad. par C . Aristizibal, <em>Anamnesis<\/em>, N\u00b0 6, Revista de Bio\u00e9tica, d\u00e9cembre 2011, p. 6-20.<\/li>\n<li>\u00a0\u00ab\u00a0La philosophie et le droit\u00a0\u00bb, texte sur<em> Ni chose ni personne d<\/em>e B. Edelman, <em>Droits,<\/em> dossier sur la bio\u00e9thique, 2012, N\u00b052, p.121-128.<\/li>\n<li><a href=\"http:\/\/corine-pelluchon.fr\/wp-content\/uploads\/2013\/07\/texte-La-vuln%C3%A9rabilit%C3%A9-en-fin-de-vie.pdf\">\u00ab\u00a0La vuln\u00e9rabilit\u00e9 en fin de vie\u00a0\u00bb<\/a>, <em>Jalmalv<\/em>, N\u00b0 111, d\u00e9cembre 2012, p. 27-46.<\/li>\n<li><a href=\"http:\/\/corine-pelluchon.fr\/wp-content\/uploads\/2013\/07\/000_000_MMM4-Dossier-2-Pelluchon.pdf\">\u00ab\u00a0La libert\u00e9 d\u2019un patient atteint de maladie chronique\u00a0\u00bb<\/a>, <em>M\u00e9decines des maladies m\u00e9taboliques<\/em>, Elsevier Masson, septembre2013.<\/li>\n<li><a href=\"http:\/\/www.causeur.fr\/euthanasie-sortons-dune-vision-binaire,25523\">Entretien sur le suicide assist\u00e9 et l\u2019euthanasie<\/a> ( recueilli par Eug\u00e9nie Basti\u00e9), <em>Le causeur,<\/em> 23 d\u00e9cembre 2013.<\/li>\n<li>Note pour Terra Nova <a href=\"http:\/\/www.tnova.fr\/note\/peut-parvenir-un-consensus-sur-laide-active-mourir\">\u00ab\u00a0Peut-on parvenir \u00e0 un consensus sur l&rsquo;aide active \u00e0 mourir? \u00ab\u00a0<\/a> , 4 mars 2014.<\/li>\n<li>\u00ab\u00a0Approches crois\u00e9es de la ph\u00e9nom\u00e9nologie et du f\u00e9minisme dans l&rsquo;appr\u00e9hension de l&rsquo;anorexie\u00a0\u00bb.<i>IJFAB\u00a0 International Journal of Feminist Approaches to Bioethics, Special issue on Just Food, vol. 8, 2, <\/i>2015<a href=\"http:\/\/www.jstor.org\/stable\/10.3138\/intjfemappbio.8.2.70?seq=1#page_scan_tab_contents\">, p. 70-85.<\/a><\/li>\n<li>\u00ab\u00a0Understanding Anorexia at the Crossraoads of Phenomenology and Feminism\u00a0\u00bb, <em>The Routledge Handbook of Food Ethics,<\/em> collectif sous la direction de Mary Rawlinson, Routledge, 2016, p. 82-90.<\/li>\n<li>Num\u00e9ro 66 de <em>Cit\u00e9s, mais 2016<\/em> : dossier intitul\u00e9 <em>Fin de vie, \u00e9thique du soin et situations-limites<\/em>, coordonn\u00e9 par C. Pelluchon: \u00ab\u00a0Pr\u00e9sentation\u00a0\u00bb, p.11;\u00ab\u00a0Comment d\u00e9lib\u00e9rer sur la fin de vie et l\u2019aide active \u00e0 mourir\u00a0?\u00a0\u00bb, p. 12-30. En cours de traduction en anglais ( publication dans Cairn).<\/li>\n<li>C. Pelluchon, \u00ab\u00a0Entretien avec le Pr. Puybasset sur les d\u00e9cisions de limitation et d\u2019arr\u00eat de traitements\u00a0\u00bb, <em>Cit\u00e9s<\/em>, 66, <em>op. cit.<\/em>, p. 31-40.<\/li>\n<li><a href=\"http:\/\/corine-pelluchon.fr\/wp-content\/uploads\/2013\/07\/Chap_13_-__Taking_Vulnerability_Seriously_-_Pelluchon.pdf\">\u00ab\u00a0Taking Vulnerability Seriously: What Does It Change for Bioethics and Politics?\u00a0\u00bb<\/a>, <em>Human Dignity of the Vulnerable in the age of Human Rights, Interdisciplinary Perspectives<\/em>, ed. A. Masferrer, E. Garcia-Sanchez, Springer, 2016, chap_13, p. 293-312.<\/li>\n<li>\u00ab\u00a0La maladie chronique ou le choix de la vie bonne\u00a0\u00bb, in <em>Les 7 d\u00e9fis de la maladie chronique<\/em>, sous la direction d&rsquo;A. Grimaldi, Paris, Odile Jacob, 2017, p. 495-506.<\/li>\n<li>\u00ab\u00a0Deciding issues around end of life care and assisted dying\u00a0\u00bb, Cairn International, Monthly Dossier, 2019.\u00a0<a class=\"link-to-pdf textlink-to-pdf\" title=\"E_CITE_066_0015(1)\" href=\"http:\/\/corine-pelluchon.fr\/wp-content\/uploads\/2019\/03\/E_CITE_066_00151-1.pdf\" target=\"_blank\" rel=\"attachment noopener wp-att-3000 noreferrer\">http:\/\/corine-pelluchon.fr\/wp-content\/uploads\/2019\/03\/E_CITE_066_00151-1.pdf<\/a><\/li>\n<li>\u00ab\u00a0Enfermement et vuln\u00e9rabilit\u00e9\u00a0\u00bb, dans <em>\u00c9thique du grand \u00e2ge et d\u00e9pendance<\/em>,\u00a0 collectif dirig\u00e9 par Dominique Monneron et Roger-Pol Droit, Paris, PUF, 2020, p. 145-164.<\/li>\n<li><span style=\"font-size: 11.0pt;\">\u00ab Un ultime recours, au cas par cas\u00a0\u00bb,\u00a0 Publication d\u2019une audition en septembre 2021 par le CCNE ( Conseil consultatif national d\u2019\u00e9thique ) sur l\u2019e\u0301ventualite\u0301 d\u2019une e\u0301volution de la loi ouvrant une aide active a\u0300 mourir : https:\/\/tnova.fr\/societe\/sante\/un-ultime-recours-au-cas-par-cas\/ <\/span><\/li>\n<\/ul>\n<\/li>\n<\/ul>\n<ul>\n<li style=\"list-style-type: none;\">\n<ul>Textes collectifs en bio\u00e9thique<\/ul>\n<\/li>\n<li>Travail collectif\u00a0diffus\u00e9 d\u00e9but 2008 aupr\u00e8s des h\u00f4pitaux en France et des diverses associations savantes : \u00ab\u00a0La loi du 22 avril 2005 relative aux droits des malades et \u00e0 la fin de vie\u00a0: une loi qui interdit l\u2019acharnement th\u00e9rapeutique\u00a0\u00bb. Travail r\u00e9alis\u00e9 dans le cadre du Comit\u00e9 national de suivi du d\u00e9veloppement des soins palliatifs, groupe \u00ab\u00a0diffusion de la d\u00e9marche palliative\u00a0\u00bb, septembre 2007-mars 2008.<\/li>\n<li>\u00ab\u00a0Recommandations pour la prise en charge d\u2019une LATA chez le patient c\u00e9r\u00e9brol\u00e9s\u00e9 adulte \u00e0 la phase aigu\u00eb\u00a0\u00bb. Comit\u00e9 d\u2019\u00e9thique ICARE pour la SFAR (soci\u00e9t\u00e9 fran\u00e7aise de r\u00e9animation-anesth\u00e9sie). Texte exprimant la position de la SFAR d\u00e9battue \u00e0 l\u2019Agence de la Biom\u00e9decine.<\/li>\n<li><a href=\"http:\/\/corine-pelluchon.fr\/wp-content\/uploads\/2013\/07\/M3valid-SFARjanv-2012.pdf\">\u00ab\u00a0Analyse critique du pr\u00e9l\u00e8vement en condition M3 de Maastricht\u00a0\u00bb<\/a>, Pr\u00e9l\u00e8vement chez un patient en arr\u00eat cardiaque, ayant fait au pr\u00e9alable l\u2019objet d\u2019une d\u00e9cision d\u2019arr\u00eat des th\u00e9rapeutiques actives. Texte collectif pour la SFAR, sign\u00e9 par Louis Puybasset, Jean-Etienne Bazin, Sadek Beloucif, Philippe Bizouarn, Sophie Crozier, Bernard Devalois, B\u00e9atrice Eon, Fabienne Fieux, Elsa Gisquet, Caroline Guibet-Lafaye, Nancy Kentish, Andr\u00e9 Lienhart, Armelle Nicolas-Robin, Manuel Otero Lopez, Corine Pelluchon, France Roussin et Laurent Beydon,<em>Annales fran\u00e7aises d\u2019Anesth\u00e9sie et de R\u00e9animation<\/em>, vol. XXI, issue 5, mai 2012, p. 454-461.<\/li>\n<li><a href=\"http:\/\/corine-pelluchon.fr\/wp-content\/uploads\/2013\/07\/Fin-de-vie-ICARE-AFAR.pdf\">\u00ab\u00a0 Fin de vie, euthanasie et suicide assist\u00e9\u00a0: une mise au point du comit\u00e9 d\u2019\u00e9thique de la SFAR\u00a0\u00bb<\/a>, L. Beydon, C. Pelluchon, L. Puybasset, H. Baghdadi, A. Bauman, J-E Bazin, S. Beloucif, P. Bizouarn, S. Crozier, B. Devalois, B. Eon, F. Fieux, C. Frot, E. Gisquet, C. Guibet-Lafaye, N. Kentish, O. Muard, A. Nicolas-Robin, M. Otero, F. Roussin.\u00a0 publi\u00e9 en ligne sur le site de la SFAR\u00a0: http:\/\/www.sfar.org\/accueil\/ et publi\u00e9 dans les <em>Annales fran\u00e7aises d\u2019Anesth\u00e9sie et de R\u00e9animation,<\/em> N\u00b0 XXX, septembre 2012, p. 1-10.<\/li>\n<\/ul>\n<div id=\"ffenetremailtomailModal\" style=\"z-index: 20002;\">\n<div id=\"ffenetremailtopopupModalMail\"><\/div>\n<\/div>\n<div><\/div>\n","protected":false},"excerpt":{"rendered":"<p>Articles en \u00e9thique m\u00e9dicale et biom\u00e9dicale: \u00ab\u00a0Towards a New Philosophical Anthropology: The Limits of Human Rights in Bioethics\u00bb, Perspectives on Political Science, April 08, N\u00b0 37\/1, p. 1-37. \u00ab\u00a0R\u00e9sister aux repr\u00e9sentations n\u00e9gatives de la vieillesse: un enjeu philosophique et m\u00e9dical \u00bb, Ethique publique, Laval, d\u00e9cembre 2008, N\u00b0 10, N\u00b0 2, p. 125-132. \u00ab La pand\u00e9mie grippale ou l\u2019affirmation du politique \u00bb, Pand\u00e9mie grippale : l\u2019ordre de mobilisation, 1 vol, sous la direction d\u2019E. Hirsch, Paris, Le Cerf, sept. 2009, p.61-70. \u00ab\u00a0Pour une \u00e9thique de la vuln\u00e9rabilit\u00e9\u00a0\u00bb, Raison publique, octobre 2009, N\u00b011, p. 165-178. \u00a0\u00ab\u00a0Levinas et l\u2019\u00e9thique m\u00e9dicale\u00a0\u00bb, Cahiers d\u2019Etudes l\u00e9vinassiennes, &hellip;<\/p>\n","protected":false},"author":1,"featured_media":0,"parent":0,"menu_order":0,"comment_status":"closed","ping_status":"closed","template":"","meta":{"footnotes":""},"_links":{"self":[{"href":"https:\/\/corine-pelluchon.fr\/index.php?rest_route=\/wp\/v2\/pages\/59"}],"collection":[{"href":"https:\/\/corine-pelluchon.fr\/index.php?rest_route=\/wp\/v2\/pages"}],"about":[{"href":"https:\/\/corine-pelluchon.fr\/index.php?rest_route=\/wp\/v2\/types\/page"}],"author":[{"embeddable":true,"href":"https:\/\/corine-pelluchon.fr\/index.php?rest_route=\/wp\/v2\/users\/1"}],"replies":[{"embeddable":true,"href":"https:\/\/corine-pelluchon.fr\/index.php?rest_route=%2Fwp%2Fv2%2Fcomments&post=59"}],"version-history":[{"count":103,"href":"https:\/\/corine-pelluchon.fr\/index.php?rest_route=\/wp\/v2\/pages\/59\/revisions"}],"predecessor-version":[{"id":4588,"href":"https:\/\/corine-pelluchon.fr\/index.php?rest_route=\/wp\/v2\/pages\/59\/revisions\/4588"}],"wp:attachment":[{"href":"https:\/\/corine-pelluchon.fr\/index.php?rest_route=%2Fwp%2Fv2%2Fmedia&parent=59"}],"curies":[{"name":"wp","href":"https:\/\/api.w.org\/{rel}","templated":true}]}}